{"id":260,"date":"2022-11-22T15:17:32","date_gmt":"2022-11-22T15:17:32","guid":{"rendered":"https:\/\/naturfreunde-wandern-und-golfen.org\/wp\/?page_id=260"},"modified":"2022-12-14T07:02:14","modified_gmt":"2022-12-14T07:02:14","slug":"veranstaltungen","status":"publish","type":"page","link":"https:\/\/naturfreunde-wandern-und-golfen.org\/wp\/veranstaltungen\/","title":{"rendered":"Veranstaltungen"},"content":{"rendered":"\n\n\n\n<h2>Veranstaltungen<br><\/h2>\n\n\n\n\n\n<p><font size=\"4\">Unsere erste Reise hat eigentlich viel fr\u00fcher stattgefunden, aber es war die erste Reise, die direkt mit der Gr\u00fcndung des Vereins im Zusammenhang steht. Das Golf- und Wanderfieber hat uns bei unserem allerersten Besuch im Defreggental anl\u00e4sslich des Platzreifekurses -den wir 2012 im Dolomitengolf bei Lavant gebucht hatten, gepackt.<\/font><\/p>\n\n\n<p style=\"font-size: large;\">Ausgesucht hatten wir das Hamachers Hotel im Defreggental, das Angebot beinhaltete den Platzreifekurs sowie Halbpension. Mittlerweile verf\u00fcgt das Hotel \u00fcber einen Kurzplatz Par 3 mit 9-Loch, ideal um sich auf eine sch\u00f6ne Golfrunde im Dolomitengolf vorzubereiten. Der Golfplatz liegt ca. 45-50 Minuten mit dem PKW entfernt in Lavant.<\/p>\n\n\n\n\n\n\n\n\n\n\n\n\n\n\n\n\n\n<p><font size=\"4\">Die Lage im Defreggental l\u00e4dt f\u00f6rmlich dazu ein das Golfen mit dem Wandern zu verbinden. Es gibt zahlreiche Wanderrouten, die an herrliche Pl\u00e4tze und sch\u00f6ne H\u00fctten in den Dolomiten f\u00fchren. Teilweise recht anspruchsvolle schwarze Touren, aber auch entspannte Wanderungen rund um St. Veit sind jederzeit m\u00f6glich.<\/font><\/p>\n\n\n<p style=\"font-size: large;\">Das Hotel bietet f\u00fcr jeden etwas, eine Fr\u00fchst\u00fcckswanderung und Leitung von Maria zu einer der nahen Almh\u00fctten genauso wie eine deutliche l\u00e4ngere und anstrengendere Wanderung zu den Pl\u00e4tzen der Murmeltiere.<\/p>\n\n\n\n\n<p>Haben wir ihr Interesse geweckt, m\u00f6chten Sie uns bei zuk\u00fcnftigen Reisen begleiten? Schreiben sie uns an und werden sie Mitglied, wir freuen uns \u00fcber jeden neuen Interessenten und Teilnehmer.<br><\/p>\n\n\n\n\n\n\n\n\n\n\n\n\n\n\n","protected":false},"excerpt":{"rendered":"","protected":false},"author":1,"featured_media":0,"parent":0,"menu_order":0,"comment_status":"closed","ping_status":"closed","template":"","meta":{"pagelayer_contact_templates":[],"_pagelayer_content":"","footnotes":""},"class_list":["post-260","page","type-page","status-publish","hentry"],"_links":{"self":[{"href":"https:\/\/naturfreunde-wandern-und-golfen.org\/wp\/wp-json\/wp\/v2\/pages\/260","targetHints":{"allow":["GET"]}}],"collection":[{"href":"https:\/\/naturfreunde-wandern-und-golfen.org\/wp\/wp-json\/wp\/v2\/pages"}],"about":[{"href":"https:\/\/naturfreunde-wandern-und-golfen.org\/wp\/wp-json\/wp\/v2\/types\/page"}],"author":[{"embeddable":true,"href":"https:\/\/naturfreunde-wandern-und-golfen.org\/wp\/wp-json\/wp\/v2\/users\/1"}],"replies":[{"embeddable":true,"href":"https:\/\/naturfreunde-wandern-und-golfen.org\/wp\/wp-json\/wp\/v2\/comments?post=260"}],"version-history":[{"count":4,"href":"https:\/\/naturfreunde-wandern-und-golfen.org\/wp\/wp-json\/wp\/v2\/pages\/260\/revisions"}],"predecessor-version":[{"id":284,"href":"https:\/\/naturfreunde-wandern-und-golfen.org\/wp\/wp-json\/wp\/v2\/pages\/260\/revisions\/284"}],"wp:attachment":[{"href":"https:\/\/naturfreunde-wandern-und-golfen.org\/wp\/wp-json\/wp\/v2\/media?parent=260"}],"curies":[{"name":"wp","href":"https:\/\/api.w.org\/{rel}","templated":true}]}}